{"id":239356,"date":"2021-10-22T14:35:35","date_gmt":"2021-10-22T12:35:35","guid":{"rendered":"https:\/\/cafe-blum.de\/?page_id=239356"},"modified":"2022-09-16T08:42:02","modified_gmt":"2022-09-16T06:42:02","slug":"stellenangebote","status":"publish","type":"page","link":"https:\/\/cafe-blum.de\/?page_id=239356","title":{"rendered":"Stellenangebote"},"content":{"rendered":"<p>[et_pb_section fb_built=&#8221;1&#8243; fullwidth=&#8221;on&#8221; _builder_version=&#8221;4.16&#8243; _module_preset=&#8221;default&#8221; parallax=&#8221;on&#8221; global_colors_info=&#8221;{}&#8221;][et_pb_fullwidth_image src=&#8221;https:\/\/cafe-blum.de\/wp-content\/uploads\/2021\/10\/header_job_desktop1.jpg&#8221; title_text=&#8221;header_job_desktop1&#8243; _builder_version=&#8221;4.16&#8243; _module_preset=&#8221;default&#8221; background_enable_image=&#8221;off&#8221; parallax=&#8221;on&#8221; height=&#8221;720px&#8221; height_tablet=&#8221;&#8221; height_phone=&#8221;&#8221; height_last_edited=&#8221;on|desktop&#8221; global_colors_info=&#8221;{}&#8221;][\/et_pb_fullwidth_image][\/et_pb_section][et_pb_section fb_built=&#8221;1&#8243; _builder_version=&#8221;4.16&#8243; _module_preset=&#8221;default&#8221; background_color=&#8221;#000000&#8243; global_colors_info=&#8221;{}&#8221; admin_label=&#8221;Stellenangebot Text&#8221;][et_pb_row _builder_version=&#8221;4.16&#8243; _module_preset=&#8221;default&#8221; global_colors_info=&#8221;{}&#8221;][et_pb_column type=&#8221;4_4&#8243; _builder_version=&#8221;4.16&#8243; _module_preset=&#8221;default&#8221; global_colors_info=&#8221;{}&#8221;][et_pb_text admin_label=&#8221;H2 Filialen&#8221; _builder_version=&#8221;4.16&#8243; _module_preset=&#8221;default&#8221; width=&#8221;60%&#8221; width_tablet=&#8221;80%&#8221; width_phone=&#8221;90%&#8221; width_last_edited=&#8221;on|phone&#8221; module_alignment=&#8221;center&#8221;]<\/p>\n<h2><span style=\"color: #ffffff;\"><span style=\"color: #978362;\">Arbeiten in unserer Manufaktur KreuterBlum<\/span><br \/><\/span><\/h2>\n<p>[\/et_pb_text][et_pb_text _builder_version=&#8221;4.16&#8243; _module_preset=&#8221;default&#8221; text_text_color=&#8221;#FFFFFF&#8221; text_font_size=&#8221;22px&#8221; background_color=&#8221;RGBA(0,0,0,0)&#8221; width=&#8221;80%&#8221; width_tablet=&#8221;90%&#8221; width_phone=&#8221;100%&#8221; width_last_edited=&#8221;on|desktop&#8221; module_alignment=&#8221;center&#8221; text_font_size_tablet=&#8221;22px&#8221; module_alignment_tablet=&#8221;center&#8221; module_alignment_phone=&#8221;&#8221; module_alignment_last_edited=&#8221;on|tablet&#8221; global_colors_info=&#8221;{%22gcid-f9dec541-c376-438e-a4c1-a77f3e192b34%22:%91%22header_2_text_color%22,%22header_3_text_color%22,%22header_4_text_color%22,%22header_5_text_color%22,%22header_2_text_color%22,%22header_3_text_color%22,%22header_4_text_color%22,%22header_5_text_color%22%93}&#8221;]<\/p>\n<p style=\"text-align: center;\"><span style=\"color: #978362;\">Wir produzieren Torten, T\u00f6rtchen, Pralinen, Eis, Strudel und besonders gerne aufwendige Event- und Hochzeitstorten in unserer Produktion in Bierstadt, Wiesbaden. Wir beliefern t\u00e4glich unsere beiden Caf\u00e9s in Wiesbaden und Mainz. Das Caf\u00e9 Blum ist im Rhein-Main-Gebiet sehr bekannt und steht seit \u00fcber 130 Jahren f\u00fcr Qualit\u00e4t. Seit Anfang 2021 ist \u201efrau kreuter am Theater\u201c er\u00f6ffnet. Das Feinkostgesch\u00e4ft mit Kochschule beliefern wir ebenso mit hochwertigen Backwaren und Konfiserie.<\/span><\/p>\n<p>[\/et_pb_text][\/et_pb_column][\/et_pb_row][\/et_pb_section][et_pb_section fb_built=&#8221;1&#8243; _builder_version=&#8221;4.16&#8243; _module_preset=&#8221;default&#8221; global_colors_info=&#8221;{}&#8221; admin_label=&#8221;Stelle&#8221;][et_pb_row _builder_version=&#8221;4.16&#8243; _module_preset=&#8221;default&#8221; global_colors_info=&#8221;{}&#8221;][et_pb_column type=&#8221;4_4&#8243; _builder_version=&#8221;4.16&#8243; _module_preset=&#8221;default&#8221; global_colors_info=&#8221;{}&#8221;][et_pb_text admin_label=&#8221;Subline&#8221; _builder_version=&#8221;4.16&#8243; _module_preset=&#8221;default&#8221; header_text_color=&#8221;gcid-554e4c44-b734-4558-b2b4-996c88c0a6ab&#8221; header_2_text_color=&#8221;gcid-554e4c44-b734-4558-b2b4-996c88c0a6ab&#8221; header_3_text_color=&#8221;gcid-554e4c44-b734-4558-b2b4-996c88c0a6ab&#8221; header_3_font_size=&#8221;28px&#8221; header_4_text_color=&#8221;gcid-554e4c44-b734-4558-b2b4-996c88c0a6ab&#8221; header_4_font_size=&#8221;24px&#8221; header_5_text_color=&#8221;#9D8354&#8243; custom_margin=&#8221;||4px|||&#8221; global_colors_info=&#8221;{%22gcid-554e4c44-b734-4558-b2b4-996c88c0a6ab%22:%91%22header_2_text_color%22,%22header_3_text_color%22,%22header_4_text_color%22,%22header_text_color%22,%22header_6_text_color%22,%22header_5_text_color_tablet%22,%22header_5_text_color_phone%22%93,%22gcid-65b64712-6f1d-49e1-810b-68b83d58ebc6%22:%91%93}&#8221;]<\/p>\n<h5>\u00a0Wir suchen<\/h5>\n<p>[\/et_pb_text][et_pb_text admin_label=&#8221;H2 Filialen&#8221; _builder_version=&#8221;4.16&#8243; _module_preset=&#8221;default&#8221; width=&#8221;60%&#8221; width_tablet=&#8221;90%&#8221; width_phone=&#8221;100%&#8221; width_last_edited=&#8221;on|phone&#8221; module_alignment=&#8221;center&#8221;]<\/p>\n<h2>Konditormeister (m\/w\/d)<\/h2>\n<p>[\/et_pb_text][\/et_pb_column][\/et_pb_row][et_pb_row column_structure=&#8221;1_2,1_2&#8243; _builder_version=&#8221;4.16&#8243; _module_preset=&#8221;default&#8221; global_colors_info=&#8221;{}&#8221;][et_pb_column type=&#8221;1_2&#8243; _builder_version=&#8221;4.16&#8243; _module_preset=&#8221;default&#8221; global_colors_info=&#8221;{}&#8221;][et_pb_text _builder_version=&#8221;4.16&#8243; _module_preset=&#8221;default&#8221;]<\/p>\n<p><span class=\"d2edcug0 hpfvmrgz qv66sw1b c1et5uql oi732d6d ik7dh3pa ht8s03o8 a8c37x1j keod5gw0 nxhoafnm aigsh9s9 d3f4x2em fe6kdd0r mau55g9w c8b282yb iv3no6db jq4qci2q a3bd9o3v b1v8xokw oo9gr5id\" dir=\"auto\">Wir suchen erfahrene Konditormeister (m\/w\/d) zur Zubereitung einer Vielzahl von Geb\u00e4ck, Schokolade, Eis, T\u00f6rtchen und anderen S\u00fc\u00dfspeisen. Dein K\u00f6nnen beim Backen erstklassiger S\u00fc\u00dfspeisen sollte Deiner Kreativit\u00e4t bei der Entwicklung neuer umwerfender Geschmacksrichtungen und Rezepte in nichts nachstehen. Der ideale Bewerber ist in der Kunst der Kulinarik erfahren und hat eine Leidenschaft f\u00fcr s\u00fc\u00dfe und erlesene Kreationen. Wir legen Wert auf beste Rohstoffe (Original Beans, Valrhona, edle Fr\u00fcchte und N\u00fcsse) und erwarten Kreativit\u00e4t und fundiertes Fachwissen.<\/span><\/p>\n<p>[\/et_pb_text][\/et_pb_column][et_pb_column type=&#8221;1_2&#8243; _builder_version=&#8221;4.16&#8243; _module_preset=&#8221;default&#8221; global_colors_info=&#8221;{}&#8221;][et_pb_text _builder_version=&#8221;4.16&#8243; _module_preset=&#8221;default&#8221; background_color=&#8221;RGBA(0,0,0,0)&#8221; width=&#8221;100%&#8221; width_tablet=&#8221;100%&#8221; width_phone=&#8221;100%&#8221; width_last_edited=&#8221;on|phone&#8221; module_alignment=&#8221;left&#8221; custom_padding=&#8221;||0px|||&#8221; module_alignment_tablet=&#8221;left&#8221; module_alignment_phone=&#8221;&#8221; module_alignment_last_edited=&#8221;on|desktop&#8221; global_colors_info=&#8221;{%22gcid-f9dec541-c376-438e-a4c1-a77f3e192b34%22:%91%22header_2_text_color%22,%22header_3_text_color%22,%22header_4_text_color%22,%22header_5_text_color%22,%22header_2_text_color%22,%22header_3_text_color%22,%22header_4_text_color%22,%22header_5_text_color%22%93}&#8221;]<\/p>\n<p style=\"text-align: center;\"><span style=\"color: #1c1c1c;\">KONTAKT<\/span><\/p>\n<p style=\"text-align: center;\"><span style=\"color: #1c1c1c;\">Sende Deine aussagekr\u00e4ftige Bewerbung inklusive Gehaltsvorstellung bitte an <a href=\"mailto:blum@cafe-blum.de\">blum@cafe-blum.de<\/a><\/span><\/p>\n<p style=\"text-align: center;\"><span style=\"color: #1c1c1c;\"><span class=\"d2edcug0 hpfvmrgz qv66sw1b c1et5uql oi732d6d ik7dh3pa ht8s03o8 a8c37x1j keod5gw0 nxhoafnm aigsh9s9 d3f4x2em fe6kdd0r mau55g9w c8b282yb iv3no6db jq4qci2q a3bd9o3v b1v8xokw oo9gr5id\" dir=\"auto\">Wir freuen uns auf deine Bewerbung!<\/span><\/span><\/p>\n<p style=\"text-align: center;\"><span style=\"color: #1c1c1c;\"><\/span><\/p>\n<p style=\"text-align: center;\"><span style=\"color: #1c1c1c;\"><\/span><\/p>\n<p>[\/et_pb_text][et_pb_image src=&#8221;https:\/\/cafe-blum.de\/wp-content\/uploads\/2021\/10\/KB_Siegel_schwarz-e1634904969477.png&#8221; title_text=&#8221;KB_Siegel_schwarz&#8221; align=&#8221;center&#8221; _builder_version=&#8221;4.16&#8243; _module_preset=&#8221;default&#8221; height=&#8221;80px&#8221; global_colors_info=&#8221;{}&#8221;][\/et_pb_image][\/et_pb_column][\/et_pb_row][\/et_pb_section][et_pb_section fb_built=&#8221;1&#8243; _builder_version=&#8221;4.16&#8243; _module_preset=&#8221;default&#8221; custom_padding=&#8221;4px||146px|||&#8221; global_colors_info=&#8221;{}&#8221;][et_pb_row _builder_version=&#8221;4.16&#8243; _module_preset=&#8221;default&#8221; global_colors_info=&#8221;{}&#8221;][et_pb_column type=&#8221;4_4&#8243; _builder_version=&#8221;4.16&#8243; _module_preset=&#8221;default&#8221; global_colors_info=&#8221;{}&#8221;][et_pb_text admin_label=&#8221;Subline&#8221; _builder_version=&#8221;4.16&#8243; _module_preset=&#8221;default&#8221; header_text_color=&#8221;gcid-554e4c44-b734-4558-b2b4-996c88c0a6ab&#8221; header_2_text_color=&#8221;gcid-554e4c44-b734-4558-b2b4-996c88c0a6ab&#8221; header_3_text_color=&#8221;gcid-554e4c44-b734-4558-b2b4-996c88c0a6ab&#8221; header_3_font_size=&#8221;28px&#8221; header_4_text_color=&#8221;gcid-554e4c44-b734-4558-b2b4-996c88c0a6ab&#8221; header_4_font_size=&#8221;24px&#8221; header_5_text_color=&#8221;#9D8354&#8243; custom_margin=&#8221;||4px|||&#8221; global_colors_info=&#8221;{%22gcid-554e4c44-b734-4558-b2b4-996c88c0a6ab%22:%91%22header_2_text_color%22,%22header_3_text_color%22,%22header_4_text_color%22,%22header_text_color%22,%22header_6_text_color%22,%22header_5_text_color_tablet%22,%22header_5_text_color_phone%22%93,%22gcid-65b64712-6f1d-49e1-810b-68b83d58ebc6%22:%91%93}&#8221;]<\/p>\n<h5>\u00a0Wir suchen<\/h5>\n<p>[\/et_pb_text][et_pb_text admin_label=&#8221;H2 Filialen&#8221; _builder_version=&#8221;4.16&#8243; _module_preset=&#8221;default&#8221; width=&#8221;60%&#8221; width_tablet=&#8221;90%&#8221; width_phone=&#8221;100%&#8221; width_last_edited=&#8221;on|phone&#8221; module_alignment=&#8221;center&#8221;]<\/p>\n<h2>Konditoren (m\/w\/d)<\/h2>\n<p>[\/et_pb_text][\/et_pb_column][\/et_pb_row][et_pb_row column_structure=&#8221;1_2,1_2&#8243; _builder_version=&#8221;4.16&#8243; _module_preset=&#8221;default&#8221; custom_padding=&#8221;||8px|||&#8221; global_colors_info=&#8221;{}&#8221;][et_pb_column type=&#8221;1_2&#8243; _builder_version=&#8221;4.16&#8243; _module_preset=&#8221;default&#8221; global_colors_info=&#8221;{}&#8221;][et_pb_text _builder_version=&#8221;4.16&#8243; _module_preset=&#8221;default&#8221;]<\/p>\n<p><span class=\"d2edcug0 hpfvmrgz qv66sw1b c1et5uql oi732d6d ik7dh3pa ht8s03o8 a8c37x1j keod5gw0 nxhoafnm aigsh9s9 d3f4x2em fe6kdd0r mau55g9w c8b282yb iv3no6db jq4qci2q a3bd9o3v b1v8xokw oo9gr5id\" dir=\"auto\">Wir suchen Dich! Schokolade, Eis, T\u00f6rtchen und P\u00e2tisserie sind Deine Leidenschaften? In unser Produktion bieten wir beste Vorausetzungen um diese K\u00f6stlichkeiten herzustellen. Voraussetzung ist eine abgeschlossene Berufsausbildung als Konditor oder Koch mit Schwerpunkt P\u00e2tisserie. Wir legen Wert auf beste Rohstoffe (Original Beans, Valrhona, edle Fr\u00fcchte und N\u00fcsse) und erwarten Kreativit\u00e4t und fundiertes Fachwissen<\/span><\/p>\n<p>[\/et_pb_text][\/et_pb_column][et_pb_column type=&#8221;1_2&#8243; _builder_version=&#8221;4.16&#8243; _module_preset=&#8221;default&#8221; global_colors_info=&#8221;{}&#8221;][et_pb_text _builder_version=&#8221;4.16&#8243; _module_preset=&#8221;default&#8221; background_color=&#8221;RGBA(0,0,0,0)&#8221; width=&#8221;100%&#8221; width_tablet=&#8221;100%&#8221; width_phone=&#8221;100%&#8221; width_last_edited=&#8221;on|phone&#8221; module_alignment=&#8221;left&#8221; module_alignment_tablet=&#8221;left&#8221; module_alignment_phone=&#8221;&#8221; module_alignment_last_edited=&#8221;on|desktop&#8221; global_colors_info=&#8221;{%22gcid-f9dec541-c376-438e-a4c1-a77f3e192b34%22:%91%22header_2_text_color%22,%22header_3_text_color%22,%22header_4_text_color%22,%22header_5_text_color%22,%22header_2_text_color%22,%22header_3_text_color%22,%22header_4_text_color%22,%22header_5_text_color%22%93}&#8221;]<\/p>\n<p style=\"text-align: center;\"><span style=\"color: #1c1c1c;\">KONTAKT<\/span><\/p>\n<p style=\"text-align: center;\"><span style=\"color: #1c1c1c;\">Sende Deine aussagekr\u00e4ftige Bewerbung inklusive Gehaltsvorstellung bitte an <a href=\"mailto:blum@cafe-blum.de\">blum@cafe-blum.de<\/a><\/span><\/p>\n<p style=\"text-align: center;\"><span style=\"color: #1c1c1c;\"><span class=\"d2edcug0 hpfvmrgz qv66sw1b c1et5uql oi732d6d ik7dh3pa ht8s03o8 a8c37x1j keod5gw0 nxhoafnm aigsh9s9 d3f4x2em fe6kdd0r mau55g9w c8b282yb iv3no6db jq4qci2q a3bd9o3v b1v8xokw oo9gr5id\" dir=\"auto\">Wir freuen uns auf deine Bewerbung!<\/span><\/span><\/p>\n<p style=\"text-align: center;\"><span style=\"color: #1c1c1c;\"><\/span><\/p>\n<p style=\"text-align: center;\"><span style=\"color: #1c1c1c;\"><\/span><\/p>\n<p>[\/et_pb_text][et_pb_image src=&#8221;https:\/\/cafe-blum.de\/wp-content\/uploads\/2021\/10\/KB_Siegel_schwarz-e1634904969477.png&#8221; title_text=&#8221;KB_Siegel_schwarz&#8221; align=&#8221;center&#8221; _builder_version=&#8221;4.16&#8243; _module_preset=&#8221;default&#8221; height=&#8221;80px&#8221; global_colors_info=&#8221;{}&#8221;][\/et_pb_image][\/et_pb_column][\/et_pb_row][\/et_pb_section][et_pb_section fb_built=&#8221;1&#8243; custom_padding_last_edited=&#8221;on|phone&#8221; _builder_version=&#8221;4.10.7&#8243; _module_preset=&#8221;default&#8221; background_color=&#8221;#000000&#8243; min_height=&#8221;450px&#8221; min_height_tablet=&#8221;&#8221; min_height_phone=&#8221;354px&#8221; min_height_last_edited=&#8221;on|phone&#8221; custom_margin=&#8221;||||false|false&#8221; custom_padding=&#8221;0px||43px||false|false&#8221; custom_padding_tablet=&#8221;0px||||false|false&#8221; custom_padding_phone=&#8221;20px||||false|false&#8221; global_module=&#8221;238150&#8243; saved_tabs=&#8221;all&#8221; global_colors_info=&#8221;{}&#8221;][et_pb_row custom_padding_last_edited=&#8221;on|tablet&#8221; _builder_version=&#8221;4.16&#8243; _module_preset=&#8221;default&#8221; width_tablet=&#8221;90%&#8221; width_phone=&#8221;90%&#8221; width_last_edited=&#8221;on|phone&#8221; custom_margin_last_edited=&#8221;off|desktop&#8221; custom_padding=&#8221;||0px||false|false&#8221; custom_padding_tablet=&#8221;&#8221; custom_padding_phone=&#8221;&#8221; global_colors_info=&#8221;{}&#8221;][et_pb_column type=&#8221;4_4&#8243; _builder_version=&#8221;4.16&#8243; _module_preset=&#8221;default&#8221; global_colors_info=&#8221;{}&#8221;][et_pb_text admin_label=&#8221;Subline&#8221; _builder_version=&#8221;4.16&#8243; _module_preset=&#8221;default&#8221; header_2_text_color=&#8221;#9D8354&#8243; header_3_text_color=&#8221;gcid-554e4c44-b734-4558-b2b4-996c88c0a6ab&#8221; header_3_font_size=&#8221;28px&#8221; header_4_text_color=&#8221;gcid-554e4c44-b734-4558-b2b4-996c88c0a6ab&#8221; header_4_font_size=&#8221;24px&#8221; header_5_text_color=&#8221;#9D8354&#8243; width=&#8221;60%&#8221; width_tablet=&#8221;60%&#8221; width_phone=&#8221;100%&#8221; width_last_edited=&#8221;on|tablet&#8221; module_alignment=&#8221;center&#8221; custom_margin=&#8221;8%||8px||false|false&#8221; custom_margin_tablet=&#8221;||6px||false|false&#8221; custom_margin_phone=&#8221;10%||6px||false|false&#8221; custom_margin_last_edited=&#8221;on|desktop&#8221; global_colors_info=&#8221;{%22gcid-f9dec541-c376-438e-a4c1-a77f3e192b34%22:%91%22header_3_text_color%22,%22header_4_text_color%22,%22header_5_text_color%22,%22text_text_color%22%93,%22gcid-554e4c44-b734-4558-b2b4-996c88c0a6ab%22:%91%22header_3_text_color%22,%22header_4_text_color%22,%22header_text_color%22,%22header_6_text_color%22,%22header_5_text_color_tablet%22,%22header_5_text_color_phone%22%93}&#8221;]<\/p>\n<h3 style=\"text-align: center;\"><span style=\"color: #978362;\">Aktuelle Produkte und Aktionen. Folgen Sie uns:<br \/><\/span><\/h3>\n<p>[\/et_pb_text][\/et_pb_column][\/et_pb_row][et_pb_row column_structure=&#8221;1_2,1_2&#8243; _builder_version=&#8221;4.16&#8243; _module_preset=&#8221;default&#8221; width_tablet=&#8221;90%&#8221; width_phone=&#8221;90%&#8221; width_last_edited=&#8221;on|phone&#8221; custom_margin=&#8221;3px||||false|false&#8221; custom_margin_tablet=&#8221;-44px||||false|false&#8221; custom_margin_phone=&#8221;-3px||||false|false&#8221; custom_margin_last_edited=&#8221;on|phone&#8221; global_colors_info=&#8221;{}&#8221;][et_pb_column type=&#8221;1_2&#8243; _builder_version=&#8221;4.16&#8243; _module_preset=&#8221;default&#8221; global_colors_info=&#8221;{}&#8221;][et_pb_text content_tablet=&#8221;<\/p>\n<p>?<\/p>\n<h5 style=%22text-align: center;%22>Wiesbaden<\/h5>\n<p>?<\/p>\n<p>&#8221; content_phone=&#8221;<\/p>\n<h5 style=%22text-align: center;%22>Wiesbaden<\/h5>\n<p>&#8221; content_last_edited=&#8221;on|tablet&#8221; _builder_version=&#8221;4.16&#8243; _module_preset=&#8221;default&#8221; custom_margin=&#8221;||8px||false|false&#8221; custom_margin_tablet=&#8221;||-10px||false|false&#8221; custom_margin_phone=&#8221;||12px||false|false&#8221; custom_margin_last_edited=&#8221;on|phone&#8221;]<\/p>\n<h5 style=\"text-align: right;\">Wiesbaden<\/h5>\n<p>[\/et_pb_text][et_pb_social_media_follow icon_color=&#8221;#978362&#8243; _builder_version=&#8221;4.16&#8243; _module_preset=&#8221;default&#8221; text_orientation=&#8221;right&#8221; custom_margin=&#8221;-14px||||false|false&#8221; text_orientation_tablet=&#8221;center&#8221; text_orientation_phone=&#8221;&#8221; text_orientation_last_edited=&#8221;on|phone&#8221; global_colors_info=&#8221;{}&#8221;][et_pb_social_media_follow_network social_network=&#8221;facebook&#8221; url=&#8221;https:\/\/www.facebook.com\/cafeblumwiesbaden&#8221; icon_color=&#8221;#9D8354&#8243; use_icon_font_size=&#8221;on&#8221; icon_font_size=&#8221;28px&#8221; _builder_version=&#8221;4.16&#8243; _module_preset=&#8221;default&#8221; background_color=&#8221;RGBA(0,0,0,0)&#8221; background_enable_color=&#8221;on&#8221; global_colors_info=&#8221;{}&#8221; follow_button=&#8221;off&#8221; url_new_window=&#8221;on&#8221;]facebook[\/et_pb_social_media_follow_network][et_pb_social_media_follow_network social_network=&#8221;instagram&#8221; url=&#8221;https:\/\/www.instagram.com\/cafeblumwiesbaden\/&#8221; icon_color=&#8221;#978362&#8243; use_icon_font_size=&#8221;on&#8221; icon_font_size=&#8221;28px&#8221; _builder_version=&#8221;4.16&#8243; _module_preset=&#8221;default&#8221; background_color=&#8221;RGBA(0,0,0,0)&#8221; background_enable_color=&#8221;on&#8221; global_colors_info=&#8221;{}&#8221; follow_button=&#8221;off&#8221; url_new_window=&#8221;on&#8221;]instagram[\/et_pb_social_media_follow_network][\/et_pb_social_media_follow][\/et_pb_column][et_pb_column type=&#8221;1_2&#8243; _builder_version=&#8221;4.16&#8243; _module_preset=&#8221;default&#8221; global_colors_info=&#8221;{}&#8221;][et_pb_text content_tablet=&#8221;<\/p>\n<h5 style=%22text-align: center;%22>Mainz<\/h5>\n<p>&#8221; content_phone=&#8221;<\/p>\n<h5 style=%22text-align: center;%22>Mainz<\/h5>\n<p>&#8221; content_last_edited=&#8221;on|tablet&#8221; _builder_version=&#8221;4.16&#8243; _module_preset=&#8221;default&#8221;]<\/p>\n<h5 style=\"text-align: left;\">Mainz<\/h5>\n<p>[\/et_pb_text][et_pb_social_media_follow icon_color=&#8221;#978362&#8243; _builder_version=&#8221;4.16&#8243; _module_preset=&#8221;default&#8221; text_orientation=&#8221;left&#8221; custom_margin=&#8221;-36px||||false|false&#8221; custom_margin_tablet=&#8221;-26px||||false|false&#8221; custom_margin_phone=&#8221;&#8221; custom_margin_last_edited=&#8221;on|phone&#8221; text_orientation_tablet=&#8221;center&#8221; text_orientation_phone=&#8221;center&#8221; text_orientation_last_edited=&#8221;on|desktop&#8221; global_colors_info=&#8221;{}&#8221;][et_pb_social_media_follow_network social_network=&#8221;instagram&#8221; url=&#8221;https:\/\/www.instagram.com\/cafeblummainz\/&#8221; icon_color=&#8221;#978362&#8243; use_icon_font_size=&#8221;on&#8221; icon_font_size=&#8221;28px&#8221; _builder_version=&#8221;4.16&#8243; _module_preset=&#8221;default&#8221; background_color=&#8221;RGBA(0,0,0,0)&#8221; background_enable_color=&#8221;on&#8221; global_colors_info=&#8221;{}&#8221; follow_button=&#8221;off&#8221; url_new_window=&#8221;on&#8221;]instagram[\/et_pb_social_media_follow_network][\/et_pb_social_media_follow][\/et_pb_column][\/et_pb_row][et_pb_row _builder_version=&#8221;4.16&#8243; _module_preset=&#8221;default&#8221; width_tablet=&#8221;90%&#8221; width_phone=&#8221;90%&#8221; width_last_edited=&#8221;on|phone&#8221; global_colors_info=&#8221;{}&#8221;][et_pb_column type=&#8221;4_4&#8243; _builder_version=&#8221;4.16&#8243; _module_preset=&#8221;default&#8221; global_colors_info=&#8221;{}&#8221;][et_pb_code _builder_version=&#8221;4.16&#8243; _module_preset=&#8221;default&#8221; width=&#8221;100%&#8221; module_alignment=&#8221;center&#8221; global_colors_info=&#8221;{}&#8221;]        <div\n            class=\"spotlight-instagram-feed\"\n            data-feed-var=\"1b11332f\"\n            data-analytics=\"0\"\n            data-instance=\"239356\"\n        >\n        <\/div>\n        <input type=\"hidden\" id=\"sli__f__1b11332f\" data-json='{&quot;accounts&quot;:[238024],&quot;tagged&quot;:[],&quot;hashtags&quot;:[],&quot;template&quot;:277001,&quot;layout&quot;:&quot;grid&quot;,&quot;numColumns&quot;:{&quot;desktop&quot;:3,&quot;phone&quot;:3,&quot;tablet&quot;:3},&quot;highlightFreq&quot;:{&quot;desktop&quot;:7},&quot;sliderNumScrollPosts&quot;:{&quot;desktop&quot;:1},&quot;sliderInfinite&quot;:true,&quot;sliderLoop&quot;:false,&quot;sliderArrowPos&quot;:{&quot;desktop&quot;:&quot;inside&quot;},&quot;sliderArrowSize&quot;:{&quot;desktop&quot;:20},&quot;sliderArrowColor&quot;:{&quot;r&quot;:255,&quot;b&quot;:255,&quot;g&quot;:255,&quot;a&quot;:1},&quot;sliderArrowBgColor&quot;:{&quot;r&quot;:0,&quot;b&quot;:0,&quot;g&quot;:0,&quot;a&quot;:0.8},&quot;postOrder&quot;:&quot;date_desc&quot;,&quot;numPosts&quot;:{&quot;desktop&quot;:3,&quot;phone&quot;:3,&quot;tablet&quot;:3},&quot;linkBehavior&quot;:{&quot;desktop&quot;:&quot;lightbox&quot;},&quot;feedWidth&quot;:{&quot;desktop&quot;:0},&quot;feedHeight&quot;:{&quot;desktop&quot;:0},&quot;feedPadding&quot;:{&quot;desktop&quot;:0,&quot;tablet&quot;:0,&quot;phone&quot;:0},&quot;imgPadding&quot;:{&quot;desktop&quot;:12,&quot;tablet&quot;:0,&quot;phone&quot;:0},&quot;textSize&quot;:{&quot;desktop&quot;:0,&quot;tablet&quot;:0,&quot;phone&quot;:0},&quot;bgColor&quot;:{&quot;r&quot;:0,&quot;g&quot;:0,&quot;b&quot;:0,&quot;a&quot;:0},&quot;hoverInfo&quot;:[&quot;date&quot;,&quot;likes_comments&quot;,&quot;insta_link&quot;],&quot;textColorHover&quot;:{&quot;r&quot;:255,&quot;g&quot;:255,&quot;b&quot;:255,&quot;a&quot;:1},&quot;bgColorHover&quot;:{&quot;r&quot;:0,&quot;g&quot;:0,&quot;b&quot;:0,&quot;a&quot;:0.5},&quot;showHeader&quot;:{&quot;desktop&quot;:false},&quot;headerInfo&quot;:{&quot;desktop&quot;:[&quot;profile_pic&quot;,&quot;bio&quot;]},&quot;headerAccount&quot;:null,&quot;headerStyle&quot;:{&quot;desktop&quot;:&quot;normal&quot;,&quot;phone&quot;:&quot;centered&quot;},&quot;headerTextSize&quot;:{&quot;desktop&quot;:0},&quot;headerPhotoSize&quot;:{&quot;desktop&quot;:50},&quot;headerTextColor&quot;:{&quot;r&quot;:0,&quot;g&quot;:0,&quot;b&quot;:0,&quot;a&quot;:1},&quot;headerBgColor&quot;:{&quot;r&quot;:255,&quot;g&quot;:255,&quot;b&quot;:255,&quot;a&quot;:1},&quot;headerPadding&quot;:{&quot;desktop&quot;:0},&quot;customProfilePic&quot;:&quot;&quot;,&quot;customBioText&quot;:&quot;&quot;,&quot;includeStories&quot;:false,&quot;storiesInterval&quot;:5,&quot;showCaptions&quot;:{&quot;desktop&quot;:false,&quot;tablet&quot;:false},&quot;captionMaxLength&quot;:{&quot;desktop&quot;:0},&quot;captionRemoveDots&quot;:false,&quot;captionSize&quot;:{&quot;desktop&quot;:0},&quot;captionColor&quot;:{&quot;r&quot;:0,&quot;g&quot;:0,&quot;b&quot;:0,&quot;a&quot;:1},&quot;showLikes&quot;:{&quot;desktop&quot;:false,&quot;tablet&quot;:false},&quot;showComments&quot;:{&quot;desktop&quot;:false,&quot;tablet&quot;:false},&quot;lcIconSize&quot;:{&quot;desktop&quot;:14},&quot;likesIconColor&quot;:{&quot;r&quot;:0,&quot;g&quot;:0,&quot;b&quot;:0,&quot;a&quot;:1},&quot;commentsIconColor&quot;:{&quot;r&quot;:0,&quot;g&quot;:0,&quot;b&quot;:0,&quot;a&quot;:1},&quot;lightboxShowSidebar&quot;:false,&quot;lightboxCtaStyle&quot;:&quot;link&quot;,&quot;lightboxCtaDesign&quot;:{&quot;text&quot;:{&quot;color&quot;:{&quot;r&quot;:0,&quot;g&quot;:0,&quot;b&quot;:0,&quot;a&quot;:1},&quot;align&quot;:&quot;center&quot;},&quot;bgColor&quot;:{&quot;r&quot;:230,&quot;g&quot;:230,&quot;b&quot;:230,&quot;a&quot;:1},&quot;border&quot;:{&quot;radius&quot;:3}},&quot;numLightboxComments&quot;:50,&quot;showLoadMoreBtn&quot;:{&quot;desktop&quot;:false},&quot;loadMoreBtnDesign&quot;:{&quot;text&quot;:{&quot;color&quot;:{&quot;r&quot;:255,&quot;g&quot;:255,&quot;b&quot;:255,&quot;a&quot;:1},&quot;align&quot;:&quot;center&quot;},&quot;border&quot;:{&quot;radius&quot;:3},&quot;bgColor&quot;:{&quot;r&quot;:0,&quot;g&quot;:0,&quot;b&quot;:0,&quot;a&quot;:1},&quot;margin&quot;:{&quot;top&quot;:0,&quot;bottom&quot;:0,&quot;left&quot;:0,&quot;right&quot;:0},&quot;padding&quot;:{&quot;top&quot;:12,&quot;bottom&quot;:12,&quot;left&quot;:12,&quot;right&quot;:12},&quot;onHover&quot;:{&quot;text&quot;:{&quot;color&quot;:{&quot;r&quot;:255,&quot;g&quot;:255,&quot;b&quot;:255,&quot;a&quot;:1}},&quot;bgColor&quot;:{&quot;r&quot;:0,&quot;g&quot;:129,&quot;b&quot;:203,&quot;a&quot;:1}}},&quot;loadMoreBtnText&quot;:&quot;Load more&quot;,&quot;loadMoreBtnScroll&quot;:true,&quot;autoload&quot;:false,&quot;showFollowBtn&quot;:{&quot;desktop&quot;:true,&quot;phone&quot;:false},&quot;followBtnText&quot;:&quot;Follow on Instagram&quot;,&quot;followBtnDesign&quot;:{&quot;text&quot;:{&quot;color&quot;:{&quot;r&quot;:255,&quot;g&quot;:255,&quot;b&quot;:255,&quot;a&quot;:1},&quot;align&quot;:&quot;center&quot;},&quot;border&quot;:{&quot;radius&quot;:3},&quot;bgColor&quot;:{&quot;r&quot;:0,&quot;g&quot;:149,&quot;b&quot;:246,&quot;a&quot;:1},&quot;margin&quot;:{&quot;top&quot;:0,&quot;bottom&quot;:0,&quot;left&quot;:0,&quot;right&quot;:0},&quot;padding&quot;:{&quot;top&quot;:12,&quot;bottom&quot;:12,&quot;left&quot;:12,&quot;right&quot;:12},&quot;onHover&quot;:{&quot;text&quot;:{&quot;color&quot;:{&quot;r&quot;:255,&quot;g&quot;:255,&quot;b&quot;:255,&quot;a&quot;:1}},&quot;bgColor&quot;:{&quot;r&quot;:0,&quot;g&quot;:129,&quot;b&quot;:203,&quot;a&quot;:1}}},&quot;followBtnLocation&quot;:{&quot;desktop&quot;:&quot;header&quot;,&quot;phone&quot;:&quot;bottom&quot;},&quot;mediaType&quot;:&quot;all&quot;,&quot;hashtagWhitelist&quot;:[],&quot;hashtagBlacklist&quot;:[],&quot;captionWhitelist&quot;:[],&quot;captionBlacklist&quot;:[],&quot;hashtagWhitelistSettings&quot;:true,&quot;hashtagBlacklistSettings&quot;:true,&quot;captionWhitelistSettings&quot;:true,&quot;captionBlacklistSettings&quot;:true,&quot;moderation&quot;:[],&quot;moderationMode&quot;:&quot;blacklist&quot;,&quot;promotionEnabled&quot;:true,&quot;autoPromotionsEnabled&quot;:true,&quot;globalPromotionsEnabled&quot;:true,&quot;promotions&quot;:[]}' \/>\n        <input type=\"hidden\" id=\"sli__a__1b11332f\" data-json='[{&quot;id&quot;:238024,&quot;type&quot;:&quot;BUSINESS&quot;,&quot;userId&quot;:&quot;17841431466242114&quot;,&quot;username&quot;:&quot;cafeblumwiesbaden&quot;,&quot;bio&quot;:&quot;Das Caf\\u00e9 auf der Rue in Wiesbaden. \\nT\\u00e4glich 9:00 - 18:00 Uhr. \\nOnline bestellen und bei uns abholen oder Tisch reservieren \\u00fcber den Link unten\\ud83d\\udc47\\ud83c\\udffc&quot;,&quot;customBio&quot;:&quot;&quot;,&quot;profilePicUrl&quot;:&quot;https:\\\/\\\/scontent-fra5-1.xx.fbcdn.net\\\/v\\\/t51.2885-15\\\/124517483_4083547105005513_3310649229276126453_n.jpg?_nc_cat=100&amp;ccb=1-7&amp;_nc_sid=7d201b&amp;_nc_ohc=IMhCvbauqDoQ7kNvwGJ1KbC&amp;_nc_oc=Adp4Gi4Sydx_af5y-vqgn6bq7nRcOz1XXqknG5k-qvNgIoUzC9DjtWd-POxNnc1g4_JHbtiuQ1kU8BxZC-RnhCub&amp;_nc_zt=23&amp;_nc_ht=scontent-fra5-1.xx&amp;edm=AL-3X8kEAAAA&amp;oh=00_Af2wbuMgT0WAA2SZ4m1nElvWxpCNhkf9KS9dLHY7OrLGCw&amp;oe=69F4F838&quot;,&quot;customProfilePicUrl&quot;:&quot;&quot;,&quot;mediaCount&quot;:&quot;191&quot;,&quot;followersCount&quot;:&quot;2167&quot;,&quot;usages&quot;:[]}]' \/>\n        <input type=\"hidden\" id=\"sli__m__1b11332f\" data-json='{&quot;media&quot;:[{&quot;id&quot;:&quot;18077889632553732&quot;,&quot;username&quot;:&quot;cafeblumwiesbaden&quot;,&quot;caption&quot;:&quot;Achtung, Premiere: \\nCaf\\u00e9 Blum kann jetzt auch Poesie.\\nZumindest versuchen wir\\u2019s. \\ud83d\\ude01\\n\\nWir w\\u00fcnschen ein sch\\u00f6nes Wochenende! \\u2600\\ufe0f\\n\\n#Poesie\\n#caf\\u00e9\\n#wiesbaden \\n#foodspot\\n#handwerk&quot;,&quot;timestamp&quot;:&quot;2026-04-24T05:07:50+0000&quot;,&quot;type&quot;:&quot;VIDEO&quot;,&quot;url&quot;:&quot;https:\\\/\\\/scontent-fra5-2.cdninstagram.com\\\/o1\\\/v\\\/t2\\\/f2\\\/m86\\\/AQOwm9awn4wqdItKmobYOwbC1IY1ARqYLVYvYpHLA-VVT-Y-X4j9bqcqrlMAi8C3AY48m4kCyjyh1Vsli8YVhzOQpt9tWd3o_zLDSNQ.mp4?_nc_cat=106&amp;_nc_sid=5e9851&amp;_nc_ht=scontent-fra5-2.cdninstagram.com&amp;_nc_ohc=CKhviZnP-oMQ7kNvwFpjMeZ&amp;efg=eyJ2ZW5jb2RlX3RhZyI6Inhwdl9wcm9ncmVzc2l2ZS5JTlNUQUdSQU0uQ0xJUFMuQzMuNzIwLmRhc2hfYmFzZWxpbmVfMV92MSIsInhwdl9hc3NldF9pZCI6MTgwOTk2NDM3MjEwNDg4NzUsImFzc2V0X2FnZV9kYXlzIjozLCJ2aV91c2VjYXNlX2lkIjoxMDA5OSwiZHVyYXRpb25fcyI6MTYsInVybGdlbl9zb3VyY2UiOiJ3d3cifQ%3D%3D&amp;ccb=17-1&amp;vs=bdc29c5066e54399&amp;_nc_vs=HBksFQIYUmlnX3hwdl9yZWVsc19wZXJtYW5lbnRfc3JfcHJvZC81QTQzMDlCOUUxMEQyOTFCN0JFQUJCMEM5NDI2ODFCRF92aWRlb19kYXNoaW5pdC5tcDQVAALIARIAFQIYUWlnX3hwdl9wbGFjZW1lbnRfcGVybWFuZW50X3YyLzdGNDU0NTg5MEJFM0M4RkVBOEQwQzI5NzcwOEY5NjhFX2F1ZGlvX2Rhc2hpbml0Lm1wNBUCAsgBEgAoABgAGwKIB3VzZV9vaWwBMRJwcm9ncmVzc2l2ZV9yZWNpcGUBMRUAACbWjO-o9uGmQBUCKAJDMywXQDCAAAAAAAAYEmRhc2hfYmFzZWxpbmVfMV92MREAdf4HZeadAQA&amp;_nc_gid=ZYBwCm1npUm3KNLrTpVcXA&amp;edm=AM6HXa8EAAAA&amp;_nc_zt=28&amp;oh=00_Af0PKdpyoHeoNNl5bKTA_t_JCX1SRZ6BJR6mUTtyUp8uxA&amp;oe=69F1064B&quot;,&quot;size&quot;:{&quot;width&quot;:640,&quot;height&quot;:1136},&quot;permalink&quot;:&quot;https:\\\/\\\/www.instagram.com\\\/reel\\\/DXgIMEkjO8E\\\/&quot;,&quot;shortcode&quot;:&quot;DXgIMEkjO8E&quot;,&quot;videoTitle&quot;:&quot;&quot;,&quot;productType&quot;:&quot;REELS&quot;,&quot;thumbnail&quot;:&quot;https:\\\/\\\/scontent-fra3-2.cdninstagram.com\\\/v\\\/t51.71878-15\\\/671275089_1458800965785896_8325025979207990522_n.jpg?stp=dst-jpg_e35_tt6&amp;_nc_cat=111&amp;ccb=7-5&amp;_nc_sid=18de74&amp;efg=eyJlZmdfdGFnIjoiQ0xJUFMuYmVzdF9pbWFnZV91cmxnZW4uQzMifQ%3D%3D&amp;_nc_ohc=vLo6pNYCsBsQ7kNvwGqxxrs&amp;_nc_oc=AdrvgAg_5yRFwOgWOeIWmdVs0DIPLydOYnBjJ4fSH8uakQoqnQ3ZE-ueZTxQftGgijRUDBXzWfI1KlXML4hs6svt&amp;_nc_zt=23&amp;_nc_ht=scontent-fra3-2.cdninstagram.com&amp;edm=AM6HXa8EAAAA&amp;_nc_gid=u6dTuCDjIJG64e0DYNF8BQ&amp;_nc_tpa=Q5bMBQF194tNhQdDc9WD_ORCaS0_5A6-CrJr8er9nGkZkUtP-203yKargzm14vZRGxDUcHzzvh8wWtwP&amp;oh=00_Af0ESxpMvBBYUKBpe_hDrFqbeAnOvfSDCLR1uyy1SJDQJA&amp;oe=69F12040&quot;,&quot;thumbnails&quot;:{&quot;s&quot;:&quot;https:\\\/\\\/cafe-blum.de\\\/wp-content\\\/uploads\\\/spotlight-insta\\\/18077889632553732-s-80-400.jpg&quot;,&quot;m&quot;:&quot;https:\\\/\\\/cafe-blum.de\\\/wp-content\\\/uploads\\\/spotlight-insta\\\/18077889632553732-m-90-600.jpg&quot;},&quot;likesCount&quot;:137,&quot;commentsCount&quot;:4,&quot;comments&quot;:[],&quot;children&quot;:[],&quot;sources&quot;:[{&quot;data&quot;:[],&quot;id&quot;:&quot;cafeblumwiesbaden&quot;,&quot;type&quot;:&quot;BUSINESS_ACCOUNT&quot;}]},{&quot;id&quot;:&quot;17941255242015293&quot;,&quot;username&quot;:&quot;cafeblumwiesbaden&quot;,&quot;caption&quot;:&quot;Was f\\u00fcr ein wundervolles Osterwochenende! \\ud83d\\udc23\\ud83c\\udf38\\u2728\\n\\nUnser Osterbrunch am Ostersonntag und Ostermontag war ein ganz besonderes Erlebnis \\u2013 und das haben wir vor allem Ihnen zu verdanken! \\ud83d\\udc9b Vielen herzlichen Dank an all unsere G\\u00e4ste, die mit guter Laune, Genussfreude und vielen sch\\u00f6nen Momenten f\\u00fcr eine festliche Atmosph\\u00e4re gesorgt haben. \\ud83e\\udd42\\ud83c\\udf7d\\ufe0f\\n\\nEin ebenso gro\\u00dfes Dankesch\\u00f6n geht an unser gro\\u00dfartiges Team! \\ud83d\\udc4f\\ud83d\\udd25 Mit viel Einsatz, Leidenschaft und Liebe zum Detail haben sie dieses Buffet m\\u00f6glich gemacht. \\ud83d\\udcaa\\ud83d\\udc68\\u200d\\ud83c\\udf73\\ud83d\\udc69\\u200d\\ud83c\\udf73\\n\\nHaben Sie unser Osterbrunch verpasst oder m\\u00f6chten Sie es noch einmal genie\\u00dfen? \\ud83d\\ude0d Dann merken Sie sich schon jetzt unser n\\u00e4chstes Highlight vor: Unser Buffet am Muttertag am 10.05.2026! \\ud83d\\udc90\\u2728 Perfekt, um sich und Ihre Liebsten verw\\u00f6hnen zu lassen. \\ud83e\\udd70\\ud83c\\udf77\\n\\nReservation per Telefon oder Mail:\\n\\ud83d\\udce7blum@cafe-blum.de\\n\\ud83d\\udcde0611 30000 7\\n\\nWir freuen uns schon sehr auf Ihren Besuch! \\n\\n#BUFFET\\n#BRUNCH\\n#MUTTERTAG\\n#FR\\u00dcHST\\u00dcCK\\nCAF\\u00c9&quot;,&quot;timestamp&quot;:&quot;2026-04-10T08:26:52+0000&quot;,&quot;type&quot;:&quot;VIDEO&quot;,&quot;url&quot;:&quot;https:\\\/\\\/scontent-fra5-1.cdninstagram.com\\\/o1\\\/v\\\/t2\\\/f2\\\/m86\\\/AQOGOZBvmLsKNHQZz3G737NQhlD6Z64b8ZRNil2YlUav2hF_T8gm8OOaNA8qN95ss47cemmsjs7qnJ7eC7c6P3IuF_IgLOyNIfkh3Pg.mp4?_nc_cat=102&amp;_nc_sid=5e9851&amp;_nc_ht=scontent-fra5-1.cdninstagram.com&amp;_nc_ohc=2ozb3UKvBiAQ7kNvwFYgnsZ&amp;efg=eyJ2ZW5jb2RlX3RhZyI6Inhwdl9wcm9ncmVzc2l2ZS5JTlNUQUdSQU0uQ0xJUFMuQzMuNzIwLmRhc2hfYmFzZWxpbmVfMV92MSIsInhwdl9hc3NldF9pZCI6MTgwOTgyMjk3NzAwNDg4NzUsImFzc2V0X2FnZV9kYXlzIjoxNywidmlfdXNlY2FzZV9pZCI6MTA4MjcsImR1cmF0aW9uX3MiOjgsInVybGdlbl9zb3VyY2UiOiJ3d3cifQ%3D%3D&amp;ccb=17-1&amp;vs=9f87ee8af73b2815&amp;_nc_vs=HBksFQIYUmlnX3hwdl9yZWVsc19wZXJtYW5lbnRfc3JfcHJvZC9FQTQyMUQ1QTUwQURDMUU0MjQ0RDNFRkEzM0RDODE4RF92aWRlb19kYXNoaW5pdC5tcDQVAALIARIAFQIYUWlnX3hwdl9wbGFjZW1lbnRfcGVybWFuZW50X3YyL0JBNEU0NTMyRTgwNjY1MzY1MzUyNUNCRTA0Njc2QUFBX2F1ZGlvX2Rhc2hpbml0Lm1wNBUCAsgBEgAoABgAGwKIB3VzZV9vaWwBMRJwcm9ncmVzc2l2ZV9yZWNpcGUBMRUAACbW1Y7Iz4-mQBUCKAJDMywXQCHdsi0OVgQYEmRhc2hfYmFzZWxpbmVfMV92MREAdf4HZZapAQA&amp;_nc_gid=ZYBwCm1npUm3KNLrTpVcXA&amp;edm=AM6HXa8EAAAA&amp;_nc_zt=28&amp;oh=00_Af2J074Iu723JwQYRDHK4Rw4U_RmDxnJ9U0L8Wj3t4rQxQ&amp;oe=69F10663&quot;,&quot;size&quot;:{&quot;width&quot;:640,&quot;height&quot;:1136},&quot;permalink&quot;:&quot;https:\\\/\\\/www.instagram.com\\\/reel\\\/DW8bixGDM_u\\\/&quot;,&quot;shortcode&quot;:&quot;DW8bixGDM_u&quot;,&quot;videoTitle&quot;:&quot;&quot;,&quot;productType&quot;:&quot;REELS&quot;,&quot;thumbnail&quot;:&quot;https:\\\/\\\/scontent-fra5-1.cdninstagram.com\\\/v\\\/t51.71878-15\\\/670822624_904838305705506_5885586919265654473_n.jpg?stp=dst-jpg_e35_tt6&amp;_nc_cat=102&amp;ccb=7-5&amp;_nc_sid=18de74&amp;efg=eyJlZmdfdGFnIjoiQ0xJUFMuYmVzdF9pbWFnZV91cmxnZW4uQzMifQ%3D%3D&amp;_nc_ohc=o6c1KXbydGUQ7kNvwGEeFxu&amp;_nc_oc=AdpzG9ihHCHlp1Q7UFP2Rilc1UWj3uE8yflE_MfjeklXck8khQOlizsIlV6jXkYrwk9BHRDcD6HSSxuajAeLdXYS&amp;_nc_zt=23&amp;_nc_ht=scontent-fra5-1.cdninstagram.com&amp;edm=AM6HXa8EAAAA&amp;_nc_gid=Cz3SZ6WZFAGIW3P0Ei54bA&amp;_nc_tpa=Q5bMBQFX-ONW4vRicVmcoiixehmguz4da5UzqsOPu-PCvhTUPLPnhCTwnkFEEoqmb5FbhuhzShot-57u&amp;oh=00_Af2vzhfBhxAwqWRb7cMIt7e8LecfoYEkcEFFSJ7KFrN-xA&amp;oe=69DEA4BD&quot;,&quot;thumbnails&quot;:{&quot;s&quot;:&quot;https:\\\/\\\/cafe-blum.de\\\/wp-content\\\/uploads\\\/spotlight-insta\\\/17941255242015293-s-80-400.jpg&quot;,&quot;m&quot;:&quot;https:\\\/\\\/cafe-blum.de\\\/wp-content\\\/uploads\\\/spotlight-insta\\\/17941255242015293-m-90-600.jpg&quot;},&quot;likesCount&quot;:74,&quot;commentsCount&quot;:4,&quot;comments&quot;:[],&quot;children&quot;:[],&quot;sources&quot;:[{&quot;data&quot;:[],&quot;id&quot;:&quot;cafeblumwiesbaden&quot;,&quot;type&quot;:&quot;BUSINESS_ACCOUNT&quot;}]},{&quot;id&quot;:&quot;18094615399869433&quot;,&quot;username&quot;:&quot;cafeblumwiesbaden&quot;,&quot;caption&quot;:&quot;\\ud83c\\udf38\\ud83d\\udc23 Osterzauber im Caf\\u00e9 Blum Wiesbaden \\ud83d\\udc23\\ud83c\\udf38\\n\\nHeute durften wir ein wundervolles Osterbuffet mit Ihnen genie\\u00dfen \\u2013 voller leckerer Highlights, frischer K\\u00f6stlichkeiten und ganz viel Fr\\u00fchlingsstimmung! \\ud83d\\udc90\\u2615\\ufe0f\\n\\nSie hatten heute keine Zeit vorbeizukommen? Kein Problem! \\u2728 \\nUnser Osterbuffet erwartet Sie auch am Ostermontag \\u2013 jeweils in zwei Zeiten: \\n\\ud83d\\udd64 09:30 \\u2013 11:15 Uhr \\n\\ud83d\\udd66 11:30 \\u2013 13:30 Uhr \\n\\nUnd schon jetzt ein kleiner Ausblick: Auch an Muttertag laden wir Sie herzlich zu einem besonderen Buffet ein. \\ud83d\\udc9b\\n\\nReservierungen sind weiterhin m\\u00f6glich \\u2013 sichern Sie sich gerne noch Ihren Platz: \\n\\ud83d\\udce7 blum@cafe-blum.de \\n\\ud83d\\udcde 0611 300 007 \\n\\nWir freuen uns auf Ihren Besuch! \\ud83c\\udf37&quot;,&quot;timestamp&quot;:&quot;2026-04-05T12:16:51+0000&quot;,&quot;type&quot;:&quot;VIDEO&quot;,&quot;url&quot;:&quot;https:\\\/\\\/scontent-fra5-1.cdninstagram.com\\\/o1\\\/v\\\/t2\\\/f2\\\/m86\\\/AQNykZIEZvAhW-Je97SYZRtCAppYDYwOs4gbDrnwVxhLMuNWAGxYwTKKi0eOyIkbBVrv8OhG_WoSnaj5a6s34hHlPZdoKjgquKMlpoU.mp4?_nc_cat=102&amp;_nc_sid=5e9851&amp;_nc_ht=scontent-fra5-1.cdninstagram.com&amp;_nc_ohc=g9hLqU1HOLUQ7kNvwGHoHdL&amp;efg=eyJ2ZW5jb2RlX3RhZyI6Inhwdl9wcm9ncmVzc2l2ZS5JTlNUQUdSQU0uQ0xJUFMuQzMuNzIwLmRhc2hfYmFzZWxpbmVfMV92MSIsInhwdl9hc3NldF9pZCI6MTgwOTc3ODAxNTQwNDg4NzUsImFzc2V0X2FnZV9kYXlzIjoyMSwidmlfdXNlY2FzZV9pZCI6MTA4MjcsImR1cmF0aW9uX3MiOjgyLCJ1cmxnZW5fc291cmNlIjoid3d3In0%3D&amp;ccb=17-1&amp;vs=71347d1a68fbb3a3&amp;_nc_vs=HBksFQIYUmlnX3hwdl9yZWVsc19wZXJtYW5lbnRfc3JfcHJvZC9ENTRBQjlERTA4MENDM0JBNDNCQkM3MjE3MDZERkE4NF92aWRlb19kYXNoaW5pdC5tcDQVAALIARIAFQIYUWlnX3hwdl9wbGFjZW1lbnRfcGVybWFuZW50X3YyL0VFNDQzOUVFQTFDRjI2N0M1MkM3ODA4NUZDNDQ0MzhGX2F1ZGlvX2Rhc2hpbml0Lm1wNBUCAsgBEgAoABgAGwKIB3VzZV9vaWwBMRJwcm9ncmVzc2l2ZV9yZWNpcGUBMRUAACbWhfHUufWlQBUCKAJDMywXQFS7tkWhysEYEmRhc2hfYmFzZWxpbmVfMV92MREAdf4HZZapAQA&amp;_nc_gid=ZYBwCm1npUm3KNLrTpVcXA&amp;edm=AM6HXa8EAAAA&amp;_nc_zt=28&amp;oh=00_Af1qw6Lt9gnqeDKSTmOotRllJNOtcYnPdJ_f-mFGSFJD0Q&amp;oe=69F10117&quot;,&quot;size&quot;:{&quot;width&quot;:640,&quot;height&quot;:1136},&quot;permalink&quot;:&quot;https:\\\/\\\/www.instagram.com\\\/reel\\\/DWv9oo3jAX0\\\/&quot;,&quot;shortcode&quot;:&quot;DWv9oo3jAX0&quot;,&quot;videoTitle&quot;:&quot;&quot;,&quot;productType&quot;:&quot;REELS&quot;,&quot;thumbnail&quot;:&quot;https:\\\/\\\/scontent-fra3-1.cdninstagram.com\\\/v\\\/t51.71878-15\\\/659146924_2174943783279755_8682772793004584775_n.jpg?stp=dst-jpg_e35_tt6&amp;_nc_cat=101&amp;ccb=7-5&amp;_nc_sid=18de74&amp;efg=eyJlZmdfdGFnIjoiQ0xJUFMuYmVzdF9pbWFnZV91cmxnZW4uQzMifQ%3D%3D&amp;_nc_ohc=CGTMavwRfUgQ7kNvwG3fx6s&amp;_nc_oc=Adr8VElwz50O3HSQcsmq2SCB0DFxXa3OltC6Xukli325ziIKhWC4Ca19457sSdZ4S1V-d4StFOh6PUKpNdSEKFqD&amp;_nc_zt=23&amp;_nc_ht=scontent-fra3-1.cdninstagram.com&amp;edm=AM6HXa8EAAAA&amp;_nc_gid=56IIa-lbQT0WaLAed5keeA&amp;_nc_tpa=Q5bMBQHOgRMPGPcXikD7SGIDun3DGSrjT_dXuCyk9-1aZZArFvaRr5Pu4sWXdmI5ECRsW5etx2nwSOf5&amp;oh=00_Af0eAYN6iEcLAFPfniRkiCss8rjuIhuDPukNQxWG4KvVaA&amp;oe=69D946B5&quot;,&quot;thumbnails&quot;:{&quot;s&quot;:&quot;https:\\\/\\\/cafe-blum.de\\\/wp-content\\\/uploads\\\/spotlight-insta\\\/18094615399869433-s-80-400.jpg&quot;,&quot;m&quot;:&quot;https:\\\/\\\/cafe-blum.de\\\/wp-content\\\/uploads\\\/spotlight-insta\\\/18094615399869433-m-90-600.jpg&quot;},&quot;likesCount&quot;:95,&quot;commentsCount&quot;:9,&quot;comments&quot;:[],&quot;children&quot;:[],&quot;sources&quot;:[{&quot;data&quot;:[],&quot;id&quot;:&quot;cafeblumwiesbaden&quot;,&quot;type&quot;:&quot;BUSINESS_ACCOUNT&quot;}]}],&quot;stories&quot;:[],&quot;total&quot;:174,&quot;needImport&quot;:false,&quot;errors&quot;:[]}' \/>\n        [\/et_pb_code][\/et_pb_column][\/et_pb_row][\/et_pb_section]<\/p>\n","protected":false},"excerpt":{"rendered":"<p>Arbeiten in unserer Manufaktur KreuterBlumWir produzieren Torten, T\u00f6rtchen, Pralinen, Eis, Strudel und besonders gerne aufwendige Event- und Hochzeitstorten in unserer Produktion in Bierstadt, Wiesbaden. Wir beliefern t\u00e4glich unsere beiden Caf\u00e9s in Wiesbaden und Mainz. Das Caf\u00e9 Blum ist im Rhein-Main-Gebiet sehr bekannt und steht seit \u00fcber 130 Jahren f\u00fcr Qualit\u00e4t. Seit Anfang 2021 ist \u201efrau [&hellip;]<\/p>\n","protected":false},"author":1,"featured_media":0,"parent":0,"menu_order":0,"comment_status":"closed","ping_status":"closed","template":"","meta":{"_et_pb_use_builder":"on","_et_pb_old_content":"","_et_gb_content_width":"","footnotes":""},"class_list":["post-239356","page","type-page","status-publish","hentry"],"_links":{"self":[{"href":"https:\/\/cafe-blum.de\/index.php?rest_route=\/wp\/v2\/pages\/239356","targetHints":{"allow":["GET"]}}],"collection":[{"href":"https:\/\/cafe-blum.de\/index.php?rest_route=\/wp\/v2\/pages"}],"about":[{"href":"https:\/\/cafe-blum.de\/index.php?rest_route=\/wp\/v2\/types\/page"}],"author":[{"embeddable":true,"href":"https:\/\/cafe-blum.de\/index.php?rest_route=\/wp\/v2\/users\/1"}],"replies":[{"embeddable":true,"href":"https:\/\/cafe-blum.de\/index.php?rest_route=%2Fwp%2Fv2%2Fcomments&post=239356"}],"version-history":[{"count":34,"href":"https:\/\/cafe-blum.de\/index.php?rest_route=\/wp\/v2\/pages\/239356\/revisions"}],"predecessor-version":[{"id":240346,"href":"https:\/\/cafe-blum.de\/index.php?rest_route=\/wp\/v2\/pages\/239356\/revisions\/240346"}],"wp:attachment":[{"href":"https:\/\/cafe-blum.de\/index.php?rest_route=%2Fwp%2Fv2%2Fmedia&parent=239356"}],"curies":[{"name":"wp","href":"https:\/\/api.w.org\/{rel}","templated":true}]}}